{"id":1436,"date":"2018-07-19T14:42:12","date_gmt":"2018-07-19T14:42:12","guid":{"rendered":"https:\/\/www.lacrimabaccus.com\/politica-de-privacidad\/"},"modified":"2023-11-28T22:40:04","modified_gmt":"2023-11-28T22:40:04","slug":"protection-des-donnees","status":"publish","type":"page","link":"https:\/\/www.lacrimabaccus.com\/fr\/protection-des-donnees\/","title":{"rendered":"Protection des Donn\u00e9es"},"content":{"rendered":"<p class=\"p1\"><span class=\"s1\"><b>POLITIQUE DE CONFIDENTIALIT\u00c9 DU SITE WEB<\/b><\/span><br \/>\nNous sommes une entreprise dans laquelle la transparence de l&rsquo;information est essentielle pour \u00e9tablir une relation de confiance avec les personnes qui composent notre projet et avec nos fournisseurs et clients, la protection des donn\u00e9es personnelles des personnes qui nous font confiance \u00e9tant d&rsquo;une importance vitale, c&rsquo;est pourquoi nous souhaitons, \u00e0 travers cette Politique de Confidentialit\u00e9, vous informer de la mani\u00e8re dont nous collectons et comment nous traitons ou utilisons lesdites donn\u00e9es.<br \/>\nCette politique de confidentialit\u00e9 \u00e9tablit les bases sur lesquelles l&rsquo;entreprise traite les donn\u00e9es personnelles que nos utilisateurs nous fournissent volontairement via le site Web.<br \/>\nCette politique sera toujours applicable lorsque les donn\u00e9es sont fournies \u00e0 l\u2019entreprise, qui seront responsable de vos donn\u00e9es (Traitant des donn\u00e9es), et via l&rsquo;un des formulaires de contact ou d&rsquo;abonnement o\u00f9 les donn\u00e9es personnelles sont collect\u00e9es (nom, email, etc.).<\/p>\n<p><span class=\"s1\"><b>QUOI NOUS L&rsquo;ENGAGEONS<\/b><\/span><\/p>\n<ul class=\"ul1\">\n<li class=\"li3\"><span class=\"s3\">Respecter la vie priv\u00e9e de nos utilisateurs et traiter les donn\u00e9es personnelles avec leur consentement.<\/span><\/li>\n<li class=\"li3\"><span class=\"s3\">Traiter les donn\u00e9es personnelles dont nous avons strictement besoin pour fournir le service demand\u00e9 et les traiter de mani\u00e8re s\u00e9curis\u00e9e et confidentielle, prendre les mesures n\u00e9cessaires pour emp\u00eacher tout acc\u00e8s non autoris\u00e9 et toute utilisation inappropri\u00e9e de celles-ci.<\/span><\/li>\n<li class=\"li3\"><span class=\"s3\">Ne pas utiliser les donn\u00e9es personnelles \u00e0 des fins pour lesquelles nous n&rsquo;avons pas obtenu au pr\u00e9alable le consentement.<\/span><\/li>\n<li class=\"li3\"><span class=\"s3\">Ne pas communiquer de donn\u00e9es personnelles \u00e0 des tiers. parties ou les partager.<\/span><\/li>\n<li class=\"li3\"><span class=\"s3\">Conserver les donn\u00e9es personnelles pendant la dur\u00e9e strictement n\u00e9cessaire \u00e0 la finalit\u00e9 sp\u00e9cifique pour laquelle elles ont \u00e9t\u00e9 fournies.<\/span><\/li>\n<\/ul>\n<p class=\"p5\">\n<p><span class=\"s4\"><b>QUI EST RESPONSABLE DE VOS DONN\u00c9ES PERSONNELLES<\/b><\/span><\/p>\n<ul>\n<li>Nom de l&rsquo;entreprise: BARDINET WINES, S.A.U<\/li>\n<li>ID:\u00a0A08974479<\/li>\n<li>Rue:\u00a0FINCA MANLLEU S\/N<\/li>\n<li>Code postal:\u00a008732<\/li>\n<li>Localisation:\u00a0CASTELLVI DE LA MARCA<\/li>\n<li>Province: BARCELONE<\/li>\n<\/ul>\n<p class=\"p5\">\n<span class=\"s4\"><b>QUOI IL S&rsquo;AGIT DE DONN\u00c9ES PERSONNELLES ET DU TRAITEMENT DES DONN\u00c9ES PERSONNELLES<\/b><\/span><br \/>\n<span class=\"s3\">Les donn\u00e9es personnelles sont toute information concernant une personne physique identifi\u00e9e ou identifiable. Une personne physique identifiable est toute personne dont l&rsquo;identit\u00e9 peut \u00eatre d\u00e9termin\u00e9e directement ou indirectement, notamment au moyen d&rsquo;un identifiant, tel qu&rsquo;un nom, un num\u00e9ro d&rsquo;identification, des donn\u00e9es de localisation, un identifiant en ligne ou un ou plusieurs \u00e9l\u00e9ments propres \u00e0 l&rsquo;identit\u00e9 physique, l&rsquo;identit\u00e9 physiologique, g\u00e9n\u00e9tique, psychologique, \u00e9conomique, culturelle ou sociale de ladite personne.<\/span><br \/>\n<span class=\"s3\">De m\u00eame, le traitement de donn\u00e9es personnelles implique toute op\u00e9ration ou ensemble d&rsquo;op\u00e9rations r\u00e9alis\u00e9es sur des donn\u00e9es personnelles ou des ensembles de donn\u00e9es personnelles, que ce soit par des proc\u00e9dures automatis\u00e9es ou non, telles que la collecte, l&rsquo;enregistrement, l&rsquo;organisation, la structuration, la conservation, l&rsquo;adaptation ou la modification, l&rsquo;extraction. , consultation, utilisation, communication par transmission, diffusion ou toute autre forme permettant l&rsquo;acc\u00e8s, la collecte ou l&rsquo;interconnexion, la limitation, la suppression ou la destruction.<\/span><\/p>\n<p><span class=\"s4\"><b>QUOI TRAITEMENT QUE NOUS R\u00c9ALISONS SUR VOS DONN\u00c9ES PERSONNELLES ET POURQUOI OBJECTIFS<\/b><\/span><\/p>\n<ul class=\"ul1\">\n<li class=\"li3\"><span class=\"s3\"><b>Demande d&rsquo;informations par l&rsquo;utilisateur<\/b><br \/>\nG\u00e9rer la demande d&rsquo;informations envoy\u00e9e par l&rsquo;utilisateur via le formulaire de contact et\/ou l&rsquo;adresse e-mail, le courrier postal et\/ou le num\u00e9ro de t\u00e9l\u00e9phone fourni via le site Internet.<\/span><\/li>\n<li class=\"li3\"><span class=\"s3\"><b>Inscription \u00e0 la newsletter<\/b><br \/>\nG\u00e9rer l&rsquo;abonnement ;n \u00e0 l&rsquo;envoi de la newsletter<\/span><\/li>\n<li class=\"li3\"><span class=\"s3\"><b>Travailler avec nous en envoyant le CV<\/b><br \/>\nGestion des CV re\u00e7us via le formulaire disponible sur le site.<\/span><\/li>\n<li class=\"li3\"><span class=\"s3\"><b>Inscription et acc\u00e8s au profil utilisateur<\/b><br \/>\nGestion de l&rsquo;inscription et de l&rsquo;acc\u00e8s au portail utilisateur via le compte utilisateur et le mot de passe correspondants ;a.<\/span><\/li>\n<li class=\"li3\"><span class=\"s3\"><b>Gestion des commentaires sur le blog.<\/b><br \/>\nG\u00e9rer l&rsquo;envoi et la r\u00e9ception des commentaires que l&rsquo;utilisateur a laiss\u00e9s sur le blog.<\/span><\/li>\n<\/ul>\n<p class=\"p5\">\n<p><span class=\"s4\"><b>QUOI DONN\u00c9ES PERSONNELLES QUE NOUS CAPTUREONS<\/b><\/span><br \/>\n<span class=\"s3\">Gr\u00e2ce \u00e0 notre site Web, nous pouvons collecter des donn\u00e9es personnelles \u00e0 diff\u00e9rentes fins :<\/span><\/p>\n<ul class=\"ul1\">\n<li class=\"li3\"><span class=\"s3\"><b>Demande d&rsquo;informations de la part de l&rsquo;utilisateur<\/b><br \/>\nNous capturerons les donn\u00e9es personnelles que vous nous avez fournies \u00e0 la suite de la requ\u00eate soulev\u00e9e.<\/span><\/li>\n<li class=\"li3\"><span class=\"s3\"><b>Abonnement \u00e0 newsletter<\/b><br \/>\nNous capturerons votre adresse e-mail.<\/span><\/li>\n<li class=\"li3\"><span class=\"s3\"><b>Travailler avec nous en envoyant votre CV\u00a0<\/b><br \/>\nNous capturerons les informations contenues dans le CV que vous nous ont fournis.<\/span><\/li>\n<li class=\"li3\"><span class=\"s3\"><b>Inscription et acc\u00e8s au profil utilisateur<\/b><br \/>\nNom d&rsquo;utilisateur et mot de passe, ainsi que ainsi que toutes les autres donn\u00e9es qui ont \u00e9t\u00e9 fournies pour cr\u00e9er le compte ou le profil.<\/span><\/li>\n<li class=\"li3\"><span class=\"s3\"><b>Gestion des commentaires sur le blog.<\/b><br \/>\nToutes les donn\u00e9es qui ont \u00e9t\u00e9 fournies lors de la publication le commentaire correspondant.<\/span><\/li>\n<\/ul>\n<p class=\"p5\">\n<span class=\"s3\">En fonction de la finalit\u00e9 pour laquelle les donn\u00e9es sont fournies, les donn\u00e9es strictement n\u00e9cessaires seront requises. Il est important que l&rsquo;utilisateur soit conscient des donn\u00e9es qu&rsquo;il fournit et de la finalit\u00e9 pour laquelle il le fait, car au moment o\u00f9 il les fournit, il est en acceptant que nous collections, stockions et utilisons lesdites donn\u00e9es aux fins requises, en pouvant \u00e0 tout moment retirer le consentement donn\u00e9 par les canaux appropri\u00e9s, le consentement de l&rsquo;int\u00e9ress\u00e9 \u00e9tant la base juridique et la l\u00e9gitimit\u00e9 du traitement de ses donn\u00e9es personnelles .<\/span><\/p>\n<p><span class=\"s4\"><b>QUELLE EST LA L\u00c9GITIMATION DU TRAITEMENT DES DONN\u00c9ES PERSONNELLES<\/b><\/span><br \/>\n<span class=\"s3\">Conform\u00e9ment \u00e0 la r\u00e9glementation en vigueur sur la protection des donn\u00e9es, nous avons besoin d&rsquo;une base de l\u00e9gitimit\u00e9 pour le traitement de vos donn\u00e9es personnelles. La base de la l\u00e9gitimit\u00e9 est votre consentement.<\/span><\/p>\n<p><span class=\"s4\"><b>QUOI DROITS DONT VOUS AVEZ CONCERNANT LES DONN\u00c9ES PERSONNELLES FOURNIES<\/b><\/span><br \/>\n<span class=\"s3\">En tant qu&rsquo;utilisateur, vous pouvez exercer les droits suivants :<\/span><\/p>\n<ul class=\"ul1\">\n<li class=\"li3\"><span class=\"s4\">Droit d&rsquo;acc\u00e8s<\/span><span class=\"s3\">\u00a0: vous avez le droit d&rsquo;obtenir la confirmation de la soci\u00e9t\u00e9 si vos donn\u00e9es personnelles sont trait\u00e9es ou non et, le cas \u00e9ch\u00e9ant, quoi. Les donn\u00e9es sont trait\u00e9es.<\/span><\/li>\n<li class=\"li3\"><span class=\"s4\">Droit de rectification<\/span><span class=\"s3\">\u00a0: Vous avez le droit d&rsquo;obtenir de BARDINET WINES, S.A.U., la rectification des donn\u00e9es personnelles inexactes qui vous concernent. Dans la demande de rectification vous devez : indiquez les donn\u00e9es que vous souhaitez modifier.<\/span><\/li>\n<li class=\"li3\"><span class=\"s4\">Droit d&rsquo;opposition<\/span><span class=\"s3\">\u00a0: Vous avez le droit de vous opposer \u00e0 tout moment, pour des raisons li\u00e9es \u00e0 votre situation particuli\u00e8re, \u00e0 quelles donn\u00e9es personnelles les donn\u00e9es qui vous concernent font l&rsquo;objet d&rsquo;un traitement fond\u00e9 sur l&rsquo;int\u00e9r\u00eat l\u00e9gitime de la soci\u00e9t\u00e9. Dans ce cas, l&rsquo;entreprise cessera traiter les donn\u00e9es personnelles, sauf si nous prouvons des raisons l\u00e9gitimes et imp\u00e9rieuses pour le traitement qui pr\u00e9valent sur vos int\u00e9r\u00eats, droits et libert\u00e9s, ou pour la formulation, l&rsquo;exercice ou la d\u00e9fense de r\u00e9clamations.<\/span><\/li>\n<li class=\"li3\"><span class=\"s3\">&lt; u&gt;Droit de suppression<\/span><\/li>\n<li class=\"li3\"><span class=\"s3\">&lt; u&gt;Droit de suppression\u00a0: Vous avez le droit d&rsquo;obtenir de BARDINET WINES, S.A.U., la suppression des donn\u00e9es personnelles qui vous concernent.<\/span><\/li>\n<li class=\"li3\"><span class=\"s4\">Droit \u00e0 la portabilit\u00e9 des donn\u00e9es<\/span><span class=\"s3\">\u00a0: Vous avez le droit de demander \u00e0 l&rsquo;entreprise de transf\u00e9rer vos donn\u00e9es personnelles \u00e0 un autre responsable du traitement. Ce droit ne peut \u00eatre exerc\u00e9 que lorsque le traitement est bas\u00e9 sur l&rsquo;ex\u00e9cution d&rsquo;un contrat ou sur votre consentement et le traitement est effectu\u00e9 par des moyens automatis\u00e9s.<\/span><\/li>\n<li class=\"li3\"><span class=\"s4\">Droit \u00e0 la limitation du traitement<\/span><span class=\"s3\">\u00a0: Vous avez le droit de nous demander de Nous suspendre le traitement de vos donn\u00e9es lorsque : vous contestez l&rsquo;exactitude des donn\u00e9es, alors que BARDINET WINES, S.A.U. v\u00e9rifie cette exactitude\u00a0; a exerc\u00e9 le droit de s&rsquo;opposer au traitement de ses donn\u00e9es, en attendant de v\u00e9rifier si les raisons l\u00e9gitimes de BARDINET WINES, S.A.U. Ils pr\u00e9valent sur les v\u00f4tres en tant que partie int\u00e9ress\u00e9e.<\/span><\/li>\n<\/ul>\n<p class=\"p7\">\n<span class=\"s3\">A tout moment, vous pouvez exercer ces Droits, au moyen d&rsquo;un \u00e9crit prouvant votre personnalit\u00e9 adress\u00e9 au responsable du traitement \u00e0 l&rsquo;adresse indiqu\u00e9e ci-dessus, ou via l&rsquo;adresse email : agalsina@bardinetwines.com<\/span><br \/>\n<span class=\"s3\">De plus, vous pouvez d\u00e9poser une r\u00e9clamation aupr\u00e8s de l&rsquo;autorit\u00e9 de contr\u00f4le, en l&rsquo;occurrence l&rsquo;Agence espagnole de protection des donn\u00e9es, si vous consid\u00e9rez que le traitement des donn\u00e9es personnelles viole la l\u00e9gislation applicable.<\/span><\/p>\n<p><span class=\"s4\"><b>S\u00c9CURIT\u00c9 ET STOCKAGE DES DONN\u00c9ES<\/b><\/span><br \/>\n<span class=\"s3\">Nous conserverons les donn\u00e9es pendant le temps strictement n\u00e9cessaire pour fournir le service demand\u00e9 et aussi longtemps que le propri\u00e9taire ne demande pas leur suppression, en adoptant des mesures techniques et organisationnelles appropri\u00e9es contre le traitement non autoris\u00e9 ou illicite et contre la perte, la destruction ou les dommages accidentels, en mettant tout en \u0153uvre. pour les prot\u00e9ger et les entretenir en toute s\u00e9curit\u00e9.<\/span><\/p>\n<p><span class=\"s4\"><b>QUOI DONN\u00c9ES PERSONNELLES QUE NOUS PARTAGEONS AVEC DES TIERS<\/b><\/span><br \/>\n<span class=\"s3\">Aucun transfert de donn\u00e9es n&rsquo;est pr\u00e9vu, sauf dans les cas o\u00f9 il existe une obligation l\u00e9gale ou une communication n\u00e9cessaire pour pouvoir fournir de mani\u00e8re ad\u00e9quate le service demand\u00e9. Il n\u2019y a aucune disposition pour les transferts internationaux de donn\u00e9es.<\/span><\/p>\n","protected":false},"excerpt":{"rendered":"<p>POLITIQUE DE CONFIDENTIALIT\u00c9 DU SITE WEB Nous sommes une entreprise dans laquelle la transparence de l&rsquo;information est essentielle pour \u00e9tablir une relation de confiance avec les personnes qui composent notre projet et avec nos fournisseurs et clients, la protection des donn\u00e9es personnelles des personnes qui nous font confiance \u00e9tant d&rsquo;une importance vitale, c&rsquo;est pourquoi nous [&hellip;]<\/p>\n","protected":false},"author":1,"featured_media":0,"parent":0,"menu_order":0,"comment_status":"closed","ping_status":"closed","template":"","meta":{"_acf_changed":false,"footnotes":""},"premio":[],"class_list":["post-1436","page","type-page","status-publish","hentry"],"acf":[],"aioseo_notices":[],"_links":{"self":[{"href":"https:\/\/www.lacrimabaccus.com\/fr\/wp-json\/wp\/v2\/pages\/1436","targetHints":{"allow":["GET"]}}],"collection":[{"href":"https:\/\/www.lacrimabaccus.com\/fr\/wp-json\/wp\/v2\/pages"}],"about":[{"href":"https:\/\/www.lacrimabaccus.com\/fr\/wp-json\/wp\/v2\/types\/page"}],"author":[{"embeddable":true,"href":"https:\/\/www.lacrimabaccus.com\/fr\/wp-json\/wp\/v2\/users\/1"}],"replies":[{"embeddable":true,"href":"https:\/\/www.lacrimabaccus.com\/fr\/wp-json\/wp\/v2\/comments?post=1436"}],"version-history":[{"count":9,"href":"https:\/\/www.lacrimabaccus.com\/fr\/wp-json\/wp\/v2\/pages\/1436\/revisions"}],"predecessor-version":[{"id":3830,"href":"https:\/\/www.lacrimabaccus.com\/fr\/wp-json\/wp\/v2\/pages\/1436\/revisions\/3830"}],"wp:attachment":[{"href":"https:\/\/www.lacrimabaccus.com\/fr\/wp-json\/wp\/v2\/media?parent=1436"}],"wp:term":[{"taxonomy":"premio","embeddable":true,"href":"https:\/\/www.lacrimabaccus.com\/fr\/wp-json\/wp\/v2\/premio?post=1436"}],"curies":[{"name":"wp","href":"https:\/\/api.w.org\/{rel}","templated":true}]}}